{"id":2646,"date":"2023-08-31T19:09:13","date_gmt":"2023-08-31T22:09:13","guid":{"rendered":"https:\/\/crb1.org.br\/site\/?page_id=2646"},"modified":"2025-08-06T19:37:57","modified_gmt":"2025-08-06T22:37:57","slug":"noticias","status":"publish","type":"page","link":"https:\/\/crb1.org.br\/site\/noticias\/","title":{"rendered":"Not\u00edcias"},"content":{"rendered":"\t\t<div data-elementor-type=\"wp-page\" data-elementor-id=\"2646\" class=\"elementor elementor-2646\" data-elementor-settings=\"{&quot;ha_cmc_init_switcher&quot;:&quot;no&quot;}\" data-elementor-post-type=\"page\">\n\t\t\t\t\t\t<section class=\"elementor-section elementor-top-section elementor-element elementor-element-7327d11 elementor-section-height-min-height elementor-section-boxed elementor-section-height-default elementor-section-items-middle\" data-id=\"7327d11\" data-element_type=\"section\" data-e-type=\"section\" data-settings=\"{&quot;background_background&quot;:&quot;classic&quot;,&quot;_ha_eqh_enable&quot;:false}\">\n\t\t\t\t\t\t\t<div class=\"elementor-background-overlay\"><\/div>\n\t\t\t\t\t\t\t<div class=\"elementor-container elementor-column-gap-default\">\n\t\t\t\t\t<div class=\"elementor-column elementor-col-100 elementor-top-column elementor-element elementor-element-d65cb7e\" data-id=\"d65cb7e\" data-element_type=\"column\" data-e-type=\"column\">\n\t\t\t<div class=\"elementor-widget-wrap elementor-element-populated\">\n\t\t\t\t\t\t<div class=\"elementor-element elementor-element-411d481 elementor-widget elementor-widget-heading\" data-id=\"411d481\" data-element_type=\"widget\" data-e-type=\"widget\" data-widget_type=\"heading.default\">\n\t\t\t\t<div class=\"elementor-widget-container\">\n\t\t\t\t\t<h1 class=\"elementor-heading-title elementor-size-default\">Not\u00edcias<\/h1>\t\t\t\t<\/div>\n\t\t\t\t<\/div>\n\t\t\t\t\t<\/div>\n\t\t<\/div>\n\t\t\t\t\t<\/div>\n\t\t<\/section>\n\t\t\t\t<section class=\"elementor-section elementor-top-section elementor-element elementor-element-a71886e elementor-section-height-min-height elementor-section-boxed elementor-section-height-default elementor-section-items-middle\" data-id=\"a71886e\" data-element_type=\"section\" data-e-type=\"section\" data-settings=\"{&quot;background_background&quot;:&quot;classic&quot;,&quot;_ha_eqh_enable&quot;:false}\">\n\t\t\t\t\t\t\t<div class=\"elementor-background-overlay\"><\/div>\n\t\t\t\t\t\t\t<div class=\"elementor-container elementor-column-gap-default\">\n\t\t\t\t\t<div class=\"elementor-column elementor-col-100 elementor-top-column elementor-element elementor-element-795b609\" data-id=\"795b609\" data-element_type=\"column\" data-e-type=\"column\">\n\t\t\t<div class=\"elementor-widget-wrap elementor-element-populated\">\n\t\t\t\t\t\t<div class=\"elementor-element elementor-element-f7560fd elementor-widget elementor-widget-heading\" data-id=\"f7560fd\" data-element_type=\"widget\" data-e-type=\"widget\" data-widget_type=\"heading.default\">\n\t\t\t\t<div class=\"elementor-widget-container\">\n\t\t\t\t\t<h2 class=\"elementor-heading-title elementor-size-default\">conte\u00fados relevantes para a nossa \u00e1rea de atua\u00e7\u00e3o.<\/h2>\t\t\t\t<\/div>\n\t\t\t\t<\/div>\n\t\t\t\t\t<\/div>\n\t\t<\/div>\n\t\t\t\t\t<\/div>\n\t\t<\/section>\n\t\t<div class=\"elementor-element elementor-element-259bb92 e-flex e-con-boxed e-con e-parent\" data-id=\"259bb92\" data-element_type=\"container\" data-e-type=\"container\" data-settings=\"{&quot;_ha_eqh_enable&quot;:false}\">\n\t\t\t\t\t<div class=\"e-con-inner\">\n\t\t\t\t<div class=\"elementor-element elementor-element-1e7bff8 upk-global-link-yes elementor-widget elementor-widget-upk-maple-grid\" data-id=\"1e7bff8\" data-element_type=\"widget\" data-e-type=\"widget\" data-widget_type=\"upk-maple-grid.default\">\n\t\t\t\t<div class=\"elementor-widget-container\">\n\t\t\t\t\t\t\t<div class=\"upk-maple-grid upk-ajax-grid\" data-loadmore=\"[]\">\n\t\t\t<div class=\"upk-post-grid upk-ajax-grid-wrap upk-style-4\">\n\n\t\t\t\t\n\t\t\t\t\t\t\t<div onclick=\"window.open(&#039;https:\/\/crb1.org.br\/site\/2026\/04\/crb-1-participa-do-lancamento-do-plano-nacional-do-livro-e-leitura-2026-2035\/&#039;, &#039;_self&#039;)\" class=\"upk-item\">\n\t\t\t<div class=\"upk-item-box\">\n\t\t\t\t<div class=\"upk-image-wrap\">\n\t\t\t\t\t<div class=\"upk-main-image\">\n\t\t\t\t\t\t<img fetchpriority=\"high\" decoding=\"async\" width=\"600\" height=\"600\" src=\"https:\/\/crb1.org.br\/site\/wp-content\/uploads\/2026\/04\/aviso_de_intencao_de_contratacao_noticiaresultado-aviso_de_intencao_de_contratacao_noticiaresultado.webp\" class=\"upk-img\" alt=\"CRB-1 participa do lan\u00e7amento do Plano Nacional do Livro e Leitura 2026\u20132035\" srcset=\"https:\/\/crb1.org.br\/site\/wp-content\/uploads\/2026\/04\/aviso_de_intencao_de_contratacao_noticiaresultado-aviso_de_intencao_de_contratacao_noticiaresultado.webp 600w, https:\/\/crb1.org.br\/site\/wp-content\/uploads\/2026\/04\/aviso_de_intencao_de_contratacao_noticiaresultado-aviso_de_intencao_de_contratacao_noticiaresultado-300x300.webp 300w, https:\/\/crb1.org.br\/site\/wp-content\/uploads\/2026\/04\/aviso_de_intencao_de_contratacao_noticiaresultado-aviso_de_intencao_de_contratacao_noticiaresultado-150x150.webp 150w\" sizes=\"(max-width: 600px) 100vw, 600px\" \/>\t\t\t\t\t<\/div>\n\n\t\t\t\t\t\t\t\t\t\t\t\t\t<div class=\"upk-post-format\">\n\t\t\t<a href=\"https:\/\/crb1.org.br\/site\/2026\/04\/crb-1-participa-do-lancamento-do-plano-nacional-do-livro-e-leitura-2026-2035\/\">\n\t\t\t\t\t\t\t\t\t<i class=\"upk-icon-post\" aria-hidden=\"true\"><\/i>\n\t\t\t\t\t\t\t<\/a>\n\t\t<\/div>\n\t\t\t\t\t\t\t\t<div class=\"upk-category\">\n\t\t\t<a href=\"https:\/\/crb1.org.br\/site\/category\/noticias\/\" \n\t\t\t\t\t\t\taria-label=\"Category Not\u00edcias\">Not\u00edcias<\/a>\t\t<\/div>\n\t\t\t\t\t\t\n\t\t\t\t<\/div>\n\n\t\t\t\t<div class=\"upk-content\">\n\t\t\t\t\t<div class=\"upk-content-inner\">\n\n\t\t\t\t\t\t\t\t\t\t\t\t\t<div class=\"upk-meta\">\n\t\t\t\t\t\t\t\t\t\t\t\t\t\t\t\t\t\t\t\n\t\t\t\t\t\t\t\t\t\n\t\t\t\t\t\t\t\t\t\t\t\t\t\t\t\t\t<div class=\"upk-blog-date\" data-separator=\"-\">\n\t\t\t\t\t\t\t\t\t\t<div class=\"upk-blog-date\">\n\t\t\t\t\t\t\t\t\t\t\t<a class=\"date\" href=\"#\">\n\t\t\t\t\t\t\t\t\t\t\t\t<i class=\"upk-icon-calendar\" aria-hidden=\"true\"><\/i>29 de abril de 2026\t\t\t\t\t\t\t\t\t\t\t<\/a>\n\t\t\t\t\t\t\t\t\t\t<\/div>\n\n\t\t\t\t\t\t\t\t\t\t\t\t\t\t\t\t\t\t\t<\/div>\n\t\t\t\t\t\t\t\t\n\t\t\t\t\t\t\t\t\n\t\t\t\t\t\t\t<\/div>\n\t\t\t\t\t\t\n\t\t\t\t\t\t<h3 class=\"upk-title\"><a href=\"https:\/\/crb1.org.br\/site\/2026\/04\/crb-1-participa-do-lancamento-do-plano-nacional-do-livro-e-leitura-2026-2035\/\" title=\"CRB-1 participa do lan\u00e7amento do Plano Nacional do Livro e Leitura 2026\u20132035\" class=\"title-animation-underline\" aria-label=\"CRB-1 participa do lan\u00e7amento do Plano Nacional do Livro e Leitura 2026\u20132035\">CRB-1 participa do lan\u00e7amento do Plano Nacional do Livro e Leitura 2026\u20132035<\/a><\/h3>\n\t\t\t\t\t\t\t\t\t\t\t\t\t\t\t<div class=\"upk-text\">\n\t\t\t<p>O Conselho Regional de Biblioteconomia da 1\u00aa Regi\u00e3o (CRB-1) participou do lan\u00e7amento do novo Plano Nacional do Livro e Leitura (PNLL 2026\u20132035), em evento promovido pelo Minist\u00e9rio da Cultura, realizado<\/p>\n\t\t<\/div>\n\t\t\t\t\t\t\t\t\t\t\t\t\t<\/div>\n\t\t\t\t<\/div>\n\n\t\t\t<\/div>\n\t\t<\/div>\n\n\n\t\n\t\t\t\t\n\t\t\t\t\t\t\t<div onclick=\"window.open(&#039;https:\/\/crb1.org.br\/site\/2026\/04\/profissional-negocie-seus-debitos-em-atraso-com-o-crb-1\/&#039;, &#039;_self&#039;)\" class=\"upk-item\">\n\t\t\t<div class=\"upk-item-box\">\n\t\t\t\t<div class=\"upk-image-wrap\">\n\t\t\t\t\t<div class=\"upk-main-image\">\n\t\t\t\t\t\t<img decoding=\"async\" width=\"600\" height=\"450\" src=\"https:\/\/crb1.org.br\/site\/wp-content\/uploads\/2026\/04\/profissional-negocie-seus-debitos-em-atraso-com-o-crb-1-profissional-negocie-seus-debitos-em-atraso-com-o-crb-1.webp\" class=\"upk-img\" alt=\"Profissional, negocie seus d\u00e9bitos em atraso com o CRB-1\" srcset=\"https:\/\/crb1.org.br\/site\/wp-content\/uploads\/2026\/04\/profissional-negocie-seus-debitos-em-atraso-com-o-crb-1-profissional-negocie-seus-debitos-em-atraso-com-o-crb-1.webp 600w, https:\/\/crb1.org.br\/site\/wp-content\/uploads\/2026\/04\/profissional-negocie-seus-debitos-em-atraso-com-o-crb-1-profissional-negocie-seus-debitos-em-atraso-com-o-crb-1-300x225.webp 300w\" sizes=\"(max-width: 600px) 100vw, 600px\" \/>\t\t\t\t\t<\/div>\n\n\t\t\t\t\t\t\t\t\t\t\t\t\t<div class=\"upk-post-format\">\n\t\t\t<a href=\"https:\/\/crb1.org.br\/site\/2026\/04\/profissional-negocie-seus-debitos-em-atraso-com-o-crb-1\/\">\n\t\t\t\t\t\t\t\t\t<i class=\"upk-icon-post\" aria-hidden=\"true\"><\/i>\n\t\t\t\t\t\t\t<\/a>\n\t\t<\/div>\n\t\t\t\t\t\t\t\t<div class=\"upk-category\">\n\t\t\t<a href=\"https:\/\/crb1.org.br\/site\/category\/destaque\/\" \n\t\t\t\t\t\t\taria-label=\"Category Destaque\">Destaque<\/a>\t\t<\/div>\n\t\t\t\t\t\t\n\t\t\t\t<\/div>\n\n\t\t\t\t<div class=\"upk-content\">\n\t\t\t\t\t<div class=\"upk-content-inner\">\n\n\t\t\t\t\t\t\t\t\t\t\t\t\t<div class=\"upk-meta\">\n\t\t\t\t\t\t\t\t\t\t\t\t\t\t\t\t\t\t\t\n\t\t\t\t\t\t\t\t\t\n\t\t\t\t\t\t\t\t\t\t\t\t\t\t\t\t\t<div class=\"upk-blog-date\" data-separator=\"-\">\n\t\t\t\t\t\t\t\t\t\t<div class=\"upk-blog-date\">\n\t\t\t\t\t\t\t\t\t\t\t<a class=\"date\" href=\"#\">\n\t\t\t\t\t\t\t\t\t\t\t\t<i class=\"upk-icon-calendar\" aria-hidden=\"true\"><\/i>16 de abril de 2026\t\t\t\t\t\t\t\t\t\t\t<\/a>\n\t\t\t\t\t\t\t\t\t\t<\/div>\n\n\t\t\t\t\t\t\t\t\t\t\t\t\t\t\t\t\t\t\t<\/div>\n\t\t\t\t\t\t\t\t\n\t\t\t\t\t\t\t\t\n\t\t\t\t\t\t\t<\/div>\n\t\t\t\t\t\t\n\t\t\t\t\t\t<h3 class=\"upk-title\"><a href=\"https:\/\/crb1.org.br\/site\/2026\/04\/profissional-negocie-seus-debitos-em-atraso-com-o-crb-1\/\" title=\"Profissional, negocie seus d\u00e9bitos em atraso com o CRB-1\" class=\"title-animation-underline\" aria-label=\"Profissional, negocie seus d\u00e9bitos em atraso com o CRB-1\">Profissional, negocie seus d\u00e9bitos em atraso com o CRB-1<\/a><\/h3>\n\t\t\t\t\t\t\t\t\t\t\t\t\t\t\t<div class=\"upk-text\">\n\t\t\t<p>O Conselho Regional de Biblioteconomia da 1\u00aa Regi\u00e3o (CRB-1) informa que permanece dispon\u00edvel o atendimento aos registrados com anuidades em atraso (d\u00e9bitos anteriores), incluindo o d\u00e9bito referente ao exerc\u00edcio de<\/p>\n\t\t<\/div>\n\t\t\t\t\t\t\t\t\t\t\t\t\t<\/div>\n\t\t\t\t<\/div>\n\n\t\t\t<\/div>\n\t\t<\/div>\n\n\n\t\n\t\t\t\t\n\t\t\t\t\t\t\t<div onclick=\"window.open(&#039;https:\/\/crb1.org.br\/site\/2026\/04\/nota-de-preocupacao-reducao-do-quadro-de-profissionais-de-biblioteconomia-no-tribunal-regional-do-trabalho-da-10a-regiao-trt10\/&#039;, &#039;_self&#039;)\" class=\"upk-item\">\n\t\t\t<div class=\"upk-item-box\">\n\t\t\t\t<div class=\"upk-image-wrap\">\n\t\t\t\t\t<div class=\"upk-main-image\">\n\t\t\t\t\t\t<img decoding=\"async\" width=\"600\" height=\"600\" src=\"https:\/\/crb1.org.br\/site\/wp-content\/uploads\/2026\/04\/aviso_de_intencao_de_contratacaoresultado-aviso_de_intencao_de_contratacaoresultado.webp\" class=\"upk-img\" alt=\"NOTA DE PREOCUPA\u00c7\u00c3O  &#8211; Redu\u00e7\u00e3o do Quadro de Profissionais de Biblioteconomia no Tribunal Regional do Trabalho da 10\u00aa Regi\u00e3o (TRT10)\" srcset=\"https:\/\/crb1.org.br\/site\/wp-content\/uploads\/2026\/04\/aviso_de_intencao_de_contratacaoresultado-aviso_de_intencao_de_contratacaoresultado.webp 600w, https:\/\/crb1.org.br\/site\/wp-content\/uploads\/2026\/04\/aviso_de_intencao_de_contratacaoresultado-aviso_de_intencao_de_contratacaoresultado-300x300.webp 300w, https:\/\/crb1.org.br\/site\/wp-content\/uploads\/2026\/04\/aviso_de_intencao_de_contratacaoresultado-aviso_de_intencao_de_contratacaoresultado-150x150.webp 150w\" sizes=\"(max-width: 600px) 100vw, 600px\" \/>\t\t\t\t\t<\/div>\n\n\t\t\t\t\t\t\t\t\t\t\t\t\t<div class=\"upk-post-format\">\n\t\t\t<a href=\"https:\/\/crb1.org.br\/site\/2026\/04\/nota-de-preocupacao-reducao-do-quadro-de-profissionais-de-biblioteconomia-no-tribunal-regional-do-trabalho-da-10a-regiao-trt10\/\">\n\t\t\t\t\t\t\t\t\t<i class=\"upk-icon-post\" aria-hidden=\"true\"><\/i>\n\t\t\t\t\t\t\t<\/a>\n\t\t<\/div>\n\t\t\t\t\t\t\t\t<div class=\"upk-category\">\n\t\t\t<a href=\"https:\/\/crb1.org.br\/site\/category\/destaque\/\" \n\t\t\t\t\t\t\taria-label=\"Category Destaque\">Destaque<\/a>\t\t<\/div>\n\t\t\t\t\t\t\n\t\t\t\t<\/div>\n\n\t\t\t\t<div class=\"upk-content\">\n\t\t\t\t\t<div class=\"upk-content-inner\">\n\n\t\t\t\t\t\t\t\t\t\t\t\t\t<div class=\"upk-meta\">\n\t\t\t\t\t\t\t\t\t\t\t\t\t\t\t\t\t\t\t\n\t\t\t\t\t\t\t\t\t\n\t\t\t\t\t\t\t\t\t\t\t\t\t\t\t\t\t<div class=\"upk-blog-date\" data-separator=\"-\">\n\t\t\t\t\t\t\t\t\t\t<div class=\"upk-blog-date\">\n\t\t\t\t\t\t\t\t\t\t\t<a class=\"date\" href=\"#\">\n\t\t\t\t\t\t\t\t\t\t\t\t<i class=\"upk-icon-calendar\" aria-hidden=\"true\"><\/i>15 de abril de 2026\t\t\t\t\t\t\t\t\t\t\t<\/a>\n\t\t\t\t\t\t\t\t\t\t<\/div>\n\n\t\t\t\t\t\t\t\t\t\t\t\t\t\t\t\t\t\t\t<\/div>\n\t\t\t\t\t\t\t\t\n\t\t\t\t\t\t\t\t\n\t\t\t\t\t\t\t<\/div>\n\t\t\t\t\t\t\n\t\t\t\t\t\t<h3 class=\"upk-title\"><a href=\"https:\/\/crb1.org.br\/site\/2026\/04\/nota-de-preocupacao-reducao-do-quadro-de-profissionais-de-biblioteconomia-no-tribunal-regional-do-trabalho-da-10a-regiao-trt10\/\" title=\"NOTA DE PREOCUPA\u00c7\u00c3O  &#8211; Redu\u00e7\u00e3o do Quadro de Profissionais de Biblioteconomia no Tribunal Regional do Trabalho da 10\u00aa Regi\u00e3o (TRT10)\" class=\"title-animation-underline\" aria-label=\"NOTA DE PREOCUPA\u00c7\u00c3O  &#8211; Redu\u00e7\u00e3o do Quadro de Profissionais de Biblioteconomia no Tribunal Regional do Trabalho da 10\u00aa Regi\u00e3o (TRT10)\">NOTA DE PREOCUPA\u00c7\u00c3O  &#8211; Redu\u00e7\u00e3o do Quadro de Profissionais de Biblioteconomia no Tribunal Regional do Trabalho da 10\u00aa Regi\u00e3o (TRT10)<\/a><\/h3>\n\t\t\t\t\t\t\t\t\t\t\t\t\t\t\t<div class=\"upk-text\">\n\t\t\t<p>A Comiss\u00e3o de Aprovados no Concurso de Bibliotec\u00e1rio do Superior Tribunal de Justi\u00e7a e o Conselho Regional de Biblioteconomia da 1\u00aa Regi\u00e3o manifestam sua profunda preocupa\u00e7\u00e3o t\u00e9cnica e institucional diante<\/p>\n\t\t<\/div>\n\t\t\t\t\t\t\t\t\t\t\t\t\t<\/div>\n\t\t\t\t<\/div>\n\n\t\t\t<\/div>\n\t\t<\/div>\n\n\n\t\n\t\t\t\t\n\t\t\t\t\t\t\t<div onclick=\"window.open(&#039;https:\/\/crb1.org.br\/site\/2026\/04\/sessao-especial-no-senado-destaca-papel-estrategico-da-biblioteconomia-e-celebra-trajetoria-do-sistema-cfb-crb\/&#039;, &#039;_self&#039;)\" class=\"upk-item\">\n\t\t\t<div class=\"upk-item-box\">\n\t\t\t\t<div class=\"upk-image-wrap\">\n\t\t\t\t\t<div class=\"upk-main-image\">\n\t\t\t\t\t\t<img loading=\"lazy\" decoding=\"async\" width=\"600\" height=\"450\" src=\"https:\/\/crb1.org.br\/site\/wp-content\/uploads\/2026\/04\/sessao-especial-sessao-especial.webp\" class=\"upk-img\" alt=\"Sess\u00e3o especial no Senado destaca papel estrat\u00e9gico da Biblioteconomia e celebra trajet\u00f3ria do Sistema CFB\/CRB\" srcset=\"https:\/\/crb1.org.br\/site\/wp-content\/uploads\/2026\/04\/sessao-especial-sessao-especial.webp 600w, https:\/\/crb1.org.br\/site\/wp-content\/uploads\/2026\/04\/sessao-especial-sessao-especial-300x225.webp 300w\" sizes=\"(max-width: 600px) 100vw, 600px\" \/>\t\t\t\t\t<\/div>\n\n\t\t\t\t\t\t\t\t\t\t\t\t\t<div class=\"upk-post-format\">\n\t\t\t<a href=\"https:\/\/crb1.org.br\/site\/2026\/04\/sessao-especial-no-senado-destaca-papel-estrategico-da-biblioteconomia-e-celebra-trajetoria-do-sistema-cfb-crb\/\">\n\t\t\t\t\t\t\t\t\t<i class=\"upk-icon-post\" aria-hidden=\"true\"><\/i>\n\t\t\t\t\t\t\t<\/a>\n\t\t<\/div>\n\t\t\t\t\t\t\t\t<div class=\"upk-category\">\n\t\t\t<a href=\"https:\/\/crb1.org.br\/site\/category\/noticias\/\" \n\t\t\t\t\t\t\taria-label=\"Category Not\u00edcias\">Not\u00edcias<\/a>\t\t<\/div>\n\t\t\t\t\t\t\n\t\t\t\t<\/div>\n\n\t\t\t\t<div class=\"upk-content\">\n\t\t\t\t\t<div class=\"upk-content-inner\">\n\n\t\t\t\t\t\t\t\t\t\t\t\t\t<div class=\"upk-meta\">\n\t\t\t\t\t\t\t\t\t\t\t\t\t\t\t\t\t\t\t\n\t\t\t\t\t\t\t\t\t\n\t\t\t\t\t\t\t\t\t\t\t\t\t\t\t\t\t<div class=\"upk-blog-date\" data-separator=\"-\">\n\t\t\t\t\t\t\t\t\t\t<div class=\"upk-blog-date\">\n\t\t\t\t\t\t\t\t\t\t\t<a class=\"date\" href=\"#\">\n\t\t\t\t\t\t\t\t\t\t\t\t<i class=\"upk-icon-calendar\" aria-hidden=\"true\"><\/i>10 de abril de 2026\t\t\t\t\t\t\t\t\t\t\t<\/a>\n\t\t\t\t\t\t\t\t\t\t<\/div>\n\n\t\t\t\t\t\t\t\t\t\t\t\t\t\t\t\t\t\t\t<\/div>\n\t\t\t\t\t\t\t\t\n\t\t\t\t\t\t\t\t\n\t\t\t\t\t\t\t<\/div>\n\t\t\t\t\t\t\n\t\t\t\t\t\t<h3 class=\"upk-title\"><a href=\"https:\/\/crb1.org.br\/site\/2026\/04\/sessao-especial-no-senado-destaca-papel-estrategico-da-biblioteconomia-e-celebra-trajetoria-do-sistema-cfb-crb\/\" title=\"Sess\u00e3o especial no Senado destaca papel estrat\u00e9gico da Biblioteconomia e celebra trajet\u00f3ria do Sistema CFB\/CRB\" class=\"title-animation-underline\" aria-label=\"Sess\u00e3o especial no Senado destaca papel estrat\u00e9gico da Biblioteconomia e celebra trajet\u00f3ria do Sistema CFB\/CRB\">Sess\u00e3o especial no Senado destaca papel estrat\u00e9gico da Biblioteconomia e celebra trajet\u00f3ria do Sistema CFB\/CRB<\/a><\/h3>\n\t\t\t\t\t\t\t\t\t\t\t\t\t\t\t<div class=\"upk-text\">\n\t\t\t<p>A import\u00e2ncia da Biblioteconomia para a garantia do acesso \u00e0 informa\u00e7\u00e3o, da educa\u00e7\u00e3o e do fortalecimento da cidadania foi evidenciada em sess\u00e3o especial realizada no Senado Federal. A iniciativa, proposta<\/p>\n\t\t<\/div>\n\t\t\t\t\t\t\t\t\t\t\t\t\t<\/div>\n\t\t\t\t<\/div>\n\n\t\t\t<\/div>\n\t\t<\/div>\n\n\n\t\n\t\t\t\t\n\t\t\t\t\t\t\t<div onclick=\"window.open(&#039;https:\/\/crb1.org.br\/site\/2026\/04\/representantes-do-crb-1-participam-de-encontros-estrategicos-do-sistema-cfb-crb-em-brasilia\/&#039;, &#039;_self&#039;)\" class=\"upk-item\">\n\t\t\t<div class=\"upk-item-box\">\n\t\t\t\t<div class=\"upk-image-wrap\">\n\t\t\t\t\t<div class=\"upk-main-image\">\n\t\t\t\t\t\t<img loading=\"lazy\" decoding=\"async\" width=\"600\" height=\"450\" src=\"https:\/\/crb1.org.br\/site\/wp-content\/uploads\/2026\/04\/representantes-do-crb-1-participam-de-encontros-estrategicos-do-sistema-cfbcrb-em-brasilia-representantes-do-crb-1-participam-de-encontros-estrategicos-do-sistema-cfbcrb-em-brasilia.webp\" class=\"upk-img\" alt=\"Representantes do CRB-1 participam de encontros estrat\u00e9gicos do Sistema CFB\/CRB em Bras\u00edlia\" srcset=\"https:\/\/crb1.org.br\/site\/wp-content\/uploads\/2026\/04\/representantes-do-crb-1-participam-de-encontros-estrategicos-do-sistema-cfbcrb-em-brasilia-representantes-do-crb-1-participam-de-encontros-estrategicos-do-sistema-cfbcrb-em-brasilia.webp 600w, https:\/\/crb1.org.br\/site\/wp-content\/uploads\/2026\/04\/representantes-do-crb-1-participam-de-encontros-estrategicos-do-sistema-cfbcrb-em-brasilia-representantes-do-crb-1-participam-de-encontros-estrategicos-do-sistema-cfbcrb-em-brasilia-300x225.webp 300w\" sizes=\"(max-width: 600px) 100vw, 600px\" \/>\t\t\t\t\t<\/div>\n\n\t\t\t\t\t\t\t\t\t\t\t\t\t<div class=\"upk-post-format\">\n\t\t\t<a href=\"https:\/\/crb1.org.br\/site\/2026\/04\/representantes-do-crb-1-participam-de-encontros-estrategicos-do-sistema-cfb-crb-em-brasilia\/\">\n\t\t\t\t\t\t\t\t\t<i class=\"upk-icon-post\" aria-hidden=\"true\"><\/i>\n\t\t\t\t\t\t\t<\/a>\n\t\t<\/div>\n\t\t\t\t\t\t\t\t<div class=\"upk-category\">\n\t\t\t<a href=\"https:\/\/crb1.org.br\/site\/category\/noticias\/\" \n\t\t\t\t\t\t\taria-label=\"Category Not\u00edcias\">Not\u00edcias<\/a>\t\t<\/div>\n\t\t\t\t\t\t\n\t\t\t\t<\/div>\n\n\t\t\t\t<div class=\"upk-content\">\n\t\t\t\t\t<div class=\"upk-content-inner\">\n\n\t\t\t\t\t\t\t\t\t\t\t\t\t<div class=\"upk-meta\">\n\t\t\t\t\t\t\t\t\t\t\t\t\t\t\t\t\t\t\t\n\t\t\t\t\t\t\t\t\t\n\t\t\t\t\t\t\t\t\t\t\t\t\t\t\t\t\t<div class=\"upk-blog-date\" data-separator=\"-\">\n\t\t\t\t\t\t\t\t\t\t<div class=\"upk-blog-date\">\n\t\t\t\t\t\t\t\t\t\t\t<a class=\"date\" href=\"#\">\n\t\t\t\t\t\t\t\t\t\t\t\t<i class=\"upk-icon-calendar\" aria-hidden=\"true\"><\/i>9 de abril de 2026\t\t\t\t\t\t\t\t\t\t\t<\/a>\n\t\t\t\t\t\t\t\t\t\t<\/div>\n\n\t\t\t\t\t\t\t\t\t\t\t\t\t\t\t\t\t\t\t<\/div>\n\t\t\t\t\t\t\t\t\n\t\t\t\t\t\t\t\t\n\t\t\t\t\t\t\t<\/div>\n\t\t\t\t\t\t\n\t\t\t\t\t\t<h3 class=\"upk-title\"><a href=\"https:\/\/crb1.org.br\/site\/2026\/04\/representantes-do-crb-1-participam-de-encontros-estrategicos-do-sistema-cfb-crb-em-brasilia\/\" title=\"Representantes do CRB-1 participam de encontros estrat\u00e9gicos do Sistema CFB\/CRB em Bras\u00edlia\" class=\"title-animation-underline\" aria-label=\"Representantes do CRB-1 participam de encontros estrat\u00e9gicos do Sistema CFB\/CRB em Bras\u00edlia\">Representantes do CRB-1 participam de encontros estrat\u00e9gicos do Sistema CFB\/CRB em Bras\u00edlia<\/a><\/h3>\n\t\t\t\t\t\t\t\t\t\t\t\t\t\t\t<div class=\"upk-text\">\n\t\t\t<p>BRAS\u00cdLIA (DF) - Entre os dias 6 e 8 de abril, a capital federal sedia uma s\u00e9rie de encontros estrat\u00e9gicos do Sistema Conselho Federal e Conselhos Regionais de Biblioteconomia (CFB\/CRB).<\/p>\n\t\t<\/div>\n\t\t\t\t\t\t\t\t\t\t\t\t\t<\/div>\n\t\t\t\t<\/div>\n\n\t\t\t<\/div>\n\t\t<\/div>\n\n\n\t\n\t\t\t\t\n\t\t\t\t\t\t\t<div onclick=\"window.open(&#039;https:\/\/crb1.org.br\/site\/2026\/04\/senado-federal-homenageia-sistema-cfb-crb-em-sessao-solene\/&#039;, &#039;_self&#039;)\" class=\"upk-item\">\n\t\t\t<div class=\"upk-item-box\">\n\t\t\t\t<div class=\"upk-image-wrap\">\n\t\t\t\t\t<div class=\"upk-main-image\">\n\t\t\t\t\t\t<img loading=\"lazy\" decoding=\"async\" width=\"600\" height=\"450\" src=\"https:\/\/crb1.org.br\/site\/wp-content\/uploads\/2026\/04\/senado-federal-homageia-sistema.resultado-senado-federal-homageia-sistema.resultado.webp\" class=\"upk-img\" alt=\"Senado Federal homenageia Sistema CFB\/CRB em sess\u00e3o solene\" srcset=\"https:\/\/crb1.org.br\/site\/wp-content\/uploads\/2026\/04\/senado-federal-homageia-sistema.resultado-senado-federal-homageia-sistema.resultado.webp 600w, https:\/\/crb1.org.br\/site\/wp-content\/uploads\/2026\/04\/senado-federal-homageia-sistema.resultado-senado-federal-homageia-sistema.resultado-300x225.webp 300w\" sizes=\"(max-width: 600px) 100vw, 600px\" \/>\t\t\t\t\t<\/div>\n\n\t\t\t\t\t\t\t\t\t\t\t\t\t<div class=\"upk-post-format\">\n\t\t\t<a href=\"https:\/\/crb1.org.br\/site\/2026\/04\/senado-federal-homenageia-sistema-cfb-crb-em-sessao-solene\/\">\n\t\t\t\t\t\t\t\t\t<i class=\"upk-icon-post\" aria-hidden=\"true\"><\/i>\n\t\t\t\t\t\t\t<\/a>\n\t\t<\/div>\n\t\t\t\t\t\t\t\t<div class=\"upk-category\">\n\t\t\t<a href=\"https:\/\/crb1.org.br\/site\/category\/noticias\/\" \n\t\t\t\t\t\t\taria-label=\"Category Not\u00edcias\">Not\u00edcias<\/a>\t\t<\/div>\n\t\t\t\t\t\t\n\t\t\t\t<\/div>\n\n\t\t\t\t<div class=\"upk-content\">\n\t\t\t\t\t<div class=\"upk-content-inner\">\n\n\t\t\t\t\t\t\t\t\t\t\t\t\t<div class=\"upk-meta\">\n\t\t\t\t\t\t\t\t\t\t\t\t\t\t\t\t\t\t\t\n\t\t\t\t\t\t\t\t\t\n\t\t\t\t\t\t\t\t\t\t\t\t\t\t\t\t\t<div class=\"upk-blog-date\" data-separator=\"-\">\n\t\t\t\t\t\t\t\t\t\t<div class=\"upk-blog-date\">\n\t\t\t\t\t\t\t\t\t\t\t<a class=\"date\" href=\"#\">\n\t\t\t\t\t\t\t\t\t\t\t\t<i class=\"upk-icon-calendar\" aria-hidden=\"true\"><\/i>1 de abril de 2026\t\t\t\t\t\t\t\t\t\t\t<\/a>\n\t\t\t\t\t\t\t\t\t\t<\/div>\n\n\t\t\t\t\t\t\t\t\t\t\t\t\t\t\t\t\t\t\t<\/div>\n\t\t\t\t\t\t\t\t\n\t\t\t\t\t\t\t\t\n\t\t\t\t\t\t\t<\/div>\n\t\t\t\t\t\t\n\t\t\t\t\t\t<h3 class=\"upk-title\"><a href=\"https:\/\/crb1.org.br\/site\/2026\/04\/senado-federal-homenageia-sistema-cfb-crb-em-sessao-solene\/\" title=\"Senado Federal homenageia Sistema CFB\/CRB em sess\u00e3o solene\" class=\"title-animation-underline\" aria-label=\"Senado Federal homenageia Sistema CFB\/CRB em sess\u00e3o solene\">Senado Federal homenageia Sistema CFB\/CRB em sess\u00e3o solene<\/a><\/h3>\n\t\t\t\t\t\t\t\t\t\t\t\t\t\t\t<div class=\"upk-text\">\n\t\t\t<p>Por iniciativa da senadora Teresa Leit\u00e3o, o Senado Federal realizar\u00e1, no dia 6 de abril de 2026, \u00e0s 10h, no Plen\u00e1rio da Casa, uma sess\u00e3o solene em celebra\u00e7\u00e3o aos 60<\/p>\n\t\t<\/div>\n\t\t\t\t\t\t\t\t\t\t\t\t\t<\/div>\n\t\t\t\t<\/div>\n\n\t\t\t<\/div>\n\t\t<\/div>\n\n\n\t\n\t\t\t\t\t\t\t<\/div>\n\t\t<\/div>\n\n\t\t\n\t\t\t\t\t<div class=\"ep-pagination\">\n\t\t\t\t<ul class=\"upk-pagination\" data-widget-id=\"1e7bff8\">\n<li class=\"upk-active\"><a href=\"https:\/\/crb1.org.br\/site\/wp-json\/wp\/v2\/pages\/2646\/\">1<\/a><\/li>\n<li><a href=\"https:\/\/crb1.org.br\/site\/wp-json\/wp\/v2\/pages\/2646\/page\/2\/\">2<\/a><\/li>\n<li><a href=\"https:\/\/crb1.org.br\/site\/wp-json\/wp\/v2\/pages\/2646\/page\/3\/\">3<\/a><\/li>\n<li class=\"upk-pagination-dot-dot\"><span>...<\/span><\/li>\n<li><a href=\"https:\/\/crb1.org.br\/site\/wp-json\/wp\/v2\/pages\/2646\/page\/141\/\">141<\/a><\/li>\n<li class=\"upk-pagination-next\"><a href=\"https:\/\/crb1.org.br\/site\/wp-json\/wp\/v2\/pages\/2646\/page\/2\/\" aria-label=\"Next Page\"><span data-upk-pagination-next><i class=\"upk-icon-arrow-right-5\" aria-hidden=\"true\"><\/i><\/span><\/a><\/li>\n<\/ul>\n\t\t\t<\/div>\n\t\t\t\t<\/div>\n\t\t\t\t<\/div>\n\t\t\t\t\t<\/div>\n\t\t\t\t<\/div>\n\t\t\t\t<\/div>\n\t\t","protected":false},"excerpt":{"rendered":"<p>Not\u00edcias conte\u00fados relevantes para a nossa \u00e1rea de atua\u00e7\u00e3o. Not\u00edcias 6 de agosto de 2025 Deputada Gleice Jane prop\u00f5e cria\u00e7\u00e3o de cursos presenciais de Biblioteconomia em institui\u00e7\u00f5es p\u00fablicas de Mato Grosso do Sul Em uma importante iniciativa para o fortalecimento da Biblioteconomia no estado, a deputada estadual Gleice Jane (PT) prop\u00f4s a cria\u00e7\u00e3o de cursos [&hellip;]<\/p>\n","protected":false},"author":1,"featured_media":0,"parent":0,"menu_order":0,"comment_status":"closed","ping_status":"closed","template":"","meta":{"site-sidebar-layout":"no-sidebar","site-content-layout":"page-builder","ast-site-content-layout":"default","site-content-style":"default","site-sidebar-style":"default","ast-global-header-display":"","ast-banner-title-visibility":"","ast-main-header-display":"","ast-hfb-above-header-display":"","ast-hfb-below-header-display":"","ast-hfb-mobile-header-display":"","site-post-title":"disabled","ast-breadcrumbs-content":"","ast-featured-img":"disabled","footer-sml-layout":"","ast-disable-related-posts":"","theme-transparent-header-meta":"enabled","adv-header-id-meta":"","stick-header-meta":"","header-above-stick-meta":"","header-main-stick-meta":"","header-below-stick-meta":"","astra-migrate-meta-layouts":"default","ast-page-background-enabled":"default","ast-page-background-meta":{"desktop":{"background-color":"","background-image":"","background-repeat":"repeat","background-position":"center center","background-size":"auto","background-attachment":"scroll","background-type":"","background-media":"","overlay-type":"","overlay-color":"","overlay-opacity":"","overlay-gradient":""},"tablet":{"background-color":"","background-image":"","background-repeat":"repeat","background-position":"center center","background-size":"auto","background-attachment":"scroll","background-type":"","background-media":"","overlay-type":"","overlay-color":"","overlay-opacity":"","overlay-gradient":""},"mobile":{"background-color":"","background-image":"","background-repeat":"repeat","background-position":"center center","background-size":"auto","background-attachment":"scroll","background-type":"","background-media":"","overlay-type":"","overlay-color":"","overlay-opacity":"","overlay-gradient":""}},"ast-content-background-meta":{"desktop":{"background-color":"var(--ast-global-color-5)","background-image":"","background-repeat":"repeat","background-position":"center center","background-size":"auto","background-attachment":"scroll","background-type":"","background-media":"","overlay-type":"","overlay-color":"","overlay-opacity":"","overlay-gradient":""},"tablet":{"background-color":"var(--ast-global-color-5)","background-image":"","background-repeat":"repeat","background-position":"center center","background-size":"auto","background-attachment":"scroll","background-type":"","background-media":"","overlay-type":"","overlay-color":"","overlay-opacity":"","overlay-gradient":""},"mobile":{"background-color":"var(--ast-global-color-5)","background-image":"","background-repeat":"repeat","background-position":"center center","background-size":"auto","background-attachment":"scroll","background-type":"","background-media":"","overlay-type":"","overlay-color":"","overlay-opacity":"","overlay-gradient":""}},"footnotes":""},"class_list":["post-2646","page","type-page","status-publish","hentry"],"_links":{"self":[{"href":"https:\/\/crb1.org.br\/site\/wp-json\/wp\/v2\/pages\/2646","targetHints":{"allow":["GET"]}}],"collection":[{"href":"https:\/\/crb1.org.br\/site\/wp-json\/wp\/v2\/pages"}],"about":[{"href":"https:\/\/crb1.org.br\/site\/wp-json\/wp\/v2\/types\/page"}],"author":[{"embeddable":true,"href":"https:\/\/crb1.org.br\/site\/wp-json\/wp\/v2\/users\/1"}],"replies":[{"embeddable":true,"href":"https:\/\/crb1.org.br\/site\/wp-json\/wp\/v2\/comments?post=2646"}],"version-history":[{"count":0,"href":"https:\/\/crb1.org.br\/site\/wp-json\/wp\/v2\/pages\/2646\/revisions"}],"wp:attachment":[{"href":"https:\/\/crb1.org.br\/site\/wp-json\/wp\/v2\/media?parent=2646"}],"curies":[{"name":"wp","href":"https:\/\/api.w.org\/{rel}","templated":true}]}}